{"id":688,"date":"2024-03-06T09:18:57","date_gmt":"2024-03-06T09:18:57","guid":{"rendered":"https:\/\/altinemekhukuk.com\/?page_id=688"},"modified":"2024-03-27T09:57:46","modified_gmt":"2024-03-27T09:57:46","slug":"altinmimir","status":"publish","type":"page","link":"https:\/\/altinemekhukuk.com\/?page_id=688","title":{"rendered":"Alt\u0131n Mimir"},"content":{"rendered":"\t\t<div data-elementor-type=\"wp-page\" data-elementor-id=\"688\" class=\"elementor elementor-688\">\n\t\t\t\t\t\t<section class=\"elementor-section elementor-top-section elementor-element elementor-element-20d6cbd elementor-section-height-min-height elementor-section-boxed elementor-section-height-default elementor-section-items-middle\" data-id=\"20d6cbd\" data-element_type=\"section\" data-settings=\"{&quot;background_background&quot;:&quot;classic&quot;}\">\n\t\t\t\t\t\t\t<div class=\"elementor-background-overlay\"><\/div>\n\t\t\t\t\t\t\t<div class=\"elementor-container elementor-column-gap-no\">\n\t\t\t\t\t<div class=\"elementor-column elementor-col-100 elementor-top-column elementor-element elementor-element-e10a707\" data-id=\"e10a707\" data-element_type=\"column\" data-settings=\"{&quot;background_background&quot;:&quot;classic&quot;}\">\n\t\t\t<div class=\"elementor-widget-wrap elementor-element-populated\">\n\t\t\t\t\t\t<div class=\"elementor-element elementor-element-bea438f elementor-invisible elementor-widget elementor-widget-heading\" data-id=\"bea438f\" data-element_type=\"widget\" data-settings=\"{&quot;_animation&quot;:&quot;fadeInDown&quot;}\" data-widget_type=\"heading.default\">\n\t\t\t\t<div class=\"elementor-widget-container\">\n\t\t\t<h1 class=\"elementor-heading-title elementor-size-default\">ALTIN M\u0130M\u0130R, Kurucu<\/h1>\t\t<\/div>\n\t\t\t\t<\/div>\n\t\t\t\t\t<\/div>\n\t\t<\/div>\n\t\t\t\t\t<\/div>\n\t\t<\/section>\n\t\t\t\t<section class=\"elementor-section elementor-top-section elementor-element elementor-element-c2f116f elementor-section-boxed elementor-section-height-default elementor-section-height-default\" data-id=\"c2f116f\" data-element_type=\"section\">\n\t\t\t\t\t\t<div class=\"elementor-container elementor-column-gap-default\">\n\t\t\t\t\t<div class=\"elementor-column elementor-col-50 elementor-top-column elementor-element elementor-element-24a1d30\" data-id=\"24a1d30\" data-element_type=\"column\">\n\t\t\t<div class=\"elementor-widget-wrap elementor-element-populated\">\n\t\t\t\t\t\t<div class=\"elementor-element elementor-element-1d97a7f elementor-widget elementor-widget-text-editor\" data-id=\"1d97a7f\" data-element_type=\"widget\" data-widget_type=\"text-editor.default\">\n\t\t\t\t<div class=\"elementor-widget-container\">\n\t\t\t\t\t\t\t<p>Avukat Alt\u0131n Mimir, 1972 y\u0131l\u0131nda Ovac\u0131k\/Tunceli\u2019de do\u011fdu. \u0130lk ve ortaokulu Ovac\u0131k\u2019ta tamamlad\u0131. 1985-1989 y\u0131llar\u0131nda \u00c7orum Sa\u011fl\u0131k Meslek Lisesi\u2019ni bitirdikten sonra, hem\u015fire olarak Sa\u011fl\u0131k Bakanl\u0131\u011f\u0131\u2019na ba\u011fl\u0131 Beyo\u011flu Devlet Hastanesi\u2019nde g\u00f6rev yapt\u0131. Bu s\u00fcre i\u00e7inde gece \u00e7al\u0131\u015f\u0131p, g\u00fcnd\u00fcz okuyarak \u0130stanbul \u00dcniversitesi Hukuk Fak\u00fcltesi\u2019nde e\u011fitimini tamamlad\u0131.<\/p><p>1994 y\u0131l\u0131 \u0130stanbul Hukuk Fak\u00fcltesi mezuniyetini takiben Prof. Dr. \u00c7etin \u00d6zek\u2019in yan\u0131nda avukatl\u0131k staj\u0131n\u0131 bitirdi. 1998 y\u0131l\u0131nda \u00e7al\u0131\u015ft\u0131\u011f\u0131 hukuk b\u00fcrosundan ayr\u0131larak kendi ofisi Emek Hukuk\u2019u kurdu.<\/p><p>Bug\u00fcn sahip oldu\u011fu ofiste, a\u011f\u0131rl\u0131kl\u0131 \u00f6zel hukuk alan\u0131nda ticaret ve \u015firketler hukuku, aile hukuku, gayrimenkul ve kira hukuku, i\u015f hukuku, icra-iflas hukuku ile a\u011f\u0131rl\u0131kl\u0131 ekonomik su\u00e7lardan kaynakl\u0131 ceza hukuku davalar\u0131nda deneyimli profesyonel avukatlarla beraber hizmet vermektedir.<\/p><p>Ayr\u0131ca, \u015firketlerin kurumsal olarak hukuki i\u015flemlerini takip ederek, s\u00f6zle\u015fmeler haz\u0131rlamakta ve hukuki dan\u0131\u015fmanl\u0131k yapmaktad\u0131r.<\/p><p>Avukat Alt\u0131n Mimir i\u00e7in, anne, avukat ve i\u015f kad\u0131n\u0131 olarak i\u00e7indeki \u201cadalet ve hakkaniyet\u201d duygusunu, toplumu iyile\u015ftirmek ad\u0131na kullanmak \u00f6nemlidir. Toplumun tam ve eksiksiz iyile\u015febilmesi i\u00e7in, cinsiyet e\u015fitsizli\u011finin ortadan kalkmas\u0131 ve kad\u0131n-erkek f\u0131rsat e\u015fitli\u011finin sa\u011flanmas\u0131n\u0131n mutlak bir zorunluluk oldu\u011funa olan inanc\u0131yla, \u00f6nce kad\u0131nlar\u0131n ve t\u00fcm toplumun bu konudaki fark\u0131ndal\u0131\u011f\u0131n\u0131 art\u0131rmak i\u00e7in \u00e7e\u015fitli g\u00f6n\u00fcll\u00fc organizasyonlarda aktif olarak rol almaktad\u0131r. Bu ama\u00e7la, <strong>KAG\u0130DER<\/strong> ve <strong>B\u0130Z\u0130M \u00c7OCUKLARIMIZ<\/strong> derneklerinde faaliyetlerini s\u00fcrd\u00fcrmektedir.<\/p><p>Kendisi bug\u00fcnk\u00fc konumunu, pozitif bir d\u00fcnya bak\u0131\u015f\u0131yla toplumun her kesimiyle ileti\u015fim kurabilmeye, empati yapabilmeye ve hepsinden \u00f6nemlisi \u00e7al\u0131\u015fma disiplinine sahip olmaya ba\u011flamaktad\u0131r. Hayattaki emellerini devam ettirece\u011fine inand\u0131\u011f\u0131 o\u011flu Emek\u2019in de avukatl\u0131k mesle\u011fini se\u00e7mesiyle; tecr\u00fcbe ve dinamizmi bir araya getirerek \u201ceme\u011fin\u201d \u201calt\u0131n\u201d k\u0131ymetinde oldu\u011funa vurgu yapmak amac\u0131yla ofisinin ismini Alt\u0131nEmek olarak de\u011fi\u015ftirmi\u015ftir.<\/p>\t\t\t\t\t\t<\/div>\n\t\t\t\t<\/div>\n\t\t\t\t\t<\/div>\n\t\t<\/div>\n\t\t\t\t<div class=\"elementor-column elementor-col-50 elementor-top-column elementor-element elementor-element-fed0398\" data-id=\"fed0398\" data-element_type=\"column\" data-settings=\"{&quot;background_background&quot;:&quot;classic&quot;}\">\n\t\t\t<div class=\"elementor-widget-wrap elementor-element-populated\">\n\t\t\t\t\t\t<div class=\"elementor-element elementor-element-6b3e511 elementor-widget elementor-widget-spacer\" data-id=\"6b3e511\" data-element_type=\"widget\" data-widget_type=\"spacer.default\">\n\t\t\t\t<div class=\"elementor-widget-container\">\n\t\t\t\t\t<div class=\"elementor-spacer\">\n\t\t\t<div class=\"elementor-spacer-inner\"><\/div>\n\t\t<\/div>\n\t\t\t\t<\/div>\n\t\t\t\t<\/div>\n\t\t\t\t\t<\/div>\n\t\t<\/div>\n\t\t\t\t\t<\/div>\n\t\t<\/section>\n\t\t\t\t<\/div>\n\t\t","protected":false},"excerpt":{"rendered":"<p>ALTIN M\u0130M\u0130R, Kurucu Avukat Alt\u0131n Mimir, 1972 y\u0131l\u0131nda Ovac\u0131k\/Tunceli\u2019de do\u011fdu. \u0130lk ve ortaokulu Ovac\u0131k\u2019ta tamamlad\u0131. 1985-1989 y\u0131llar\u0131nda \u00c7orum Sa\u011fl\u0131k Meslek Lisesi\u2019ni bitirdikten sonra, hem\u015fire olarak Sa\u011fl\u0131k Bakanl\u0131\u011f\u0131\u2019na ba\u011fl\u0131 Beyo\u011flu Devlet Hastanesi\u2019nde g\u00f6rev yapt\u0131. Bu s\u00fcre i\u00e7inde gece \u00e7al\u0131\u015f\u0131p, g\u00fcnd\u00fcz okuyarak \u0130stanbul \u00dcniversitesi Hukuk Fak\u00fcltesi\u2019nde e\u011fitimini tamamlad\u0131. 1994 y\u0131l\u0131 \u0130stanbul Hukuk Fak\u00fcltesi mezuniyetini takiben Prof. Dr. [&hellip;]<\/p>\n","protected":false},"author":1,"featured_media":0,"parent":0,"menu_order":0,"comment_status":"closed","ping_status":"closed","template":"","meta":{"footnotes":""},"class_list":["post-688","page","type-page","status-publish","hentry"],"_links":{"self":[{"href":"https:\/\/altinemekhukuk.com\/index.php?rest_route=\/wp\/v2\/pages\/688","targetHints":{"allow":["GET"]}}],"collection":[{"href":"https:\/\/altinemekhukuk.com\/index.php?rest_route=\/wp\/v2\/pages"}],"about":[{"href":"https:\/\/altinemekhukuk.com\/index.php?rest_route=\/wp\/v2\/types\/page"}],"author":[{"embeddable":true,"href":"https:\/\/altinemekhukuk.com\/index.php?rest_route=\/wp\/v2\/users\/1"}],"replies":[{"embeddable":true,"href":"https:\/\/altinemekhukuk.com\/index.php?rest_route=%2Fwp%2Fv2%2Fcomments&post=688"}],"version-history":[{"count":7,"href":"https:\/\/altinemekhukuk.com\/index.php?rest_route=\/wp\/v2\/pages\/688\/revisions"}],"predecessor-version":[{"id":720,"href":"https:\/\/altinemekhukuk.com\/index.php?rest_route=\/wp\/v2\/pages\/688\/revisions\/720"}],"wp:attachment":[{"href":"https:\/\/altinemekhukuk.com\/index.php?rest_route=%2Fwp%2Fv2%2Fmedia&parent=688"}],"curies":[{"name":"wp","href":"https:\/\/api.w.org\/{rel}","templated":true}]}}